{"id":18,"date":"2022-11-17T15:33:40","date_gmt":"2022-11-17T14:33:40","guid":{"rendered":"http:\/\/westfriesmuseumnl.test\/?page_id=18"},"modified":"2025-06-03T15:47:46","modified_gmt":"2025-06-03T13:47:46","slug":"home","status":"publish","type":"page","link":"https:\/\/westfriesmuseum.nl\/de\/","title":{"rendered":"Museum geschlossen, Stadt ge\u00f6ffnet"},"content":{"rendered":"\n<section class=\"block-tentoonstelling wp-block is-style-image-left\">\n    <div class=\"row expanded\">\n                    <div class=\"column small-12 large-6 xxlarge-7 no-padding\">\n                <div class=\"img-container\">\n                    <img loading=\"lazy\" class=\"lazyload\" loading=\"lazy\" data-src=\"https:\/\/westfriesmuseum.nl\/wp-content\/uploads\/2023\/07\/DSC03218-Verbeterd-NR-liggend-1100x930.jpeg\" alt=\"https:\/\/westfriesmuseum.nl\/wp-content\/uploads\/2023\/07\/DSC03218-Verbeterd-NR-liggend-1100x930.jpeg\">\n                <\/div>\n            <\/div>\n                <div class=\"column small-12 large-6 xxlarge-4\">\n            <div class=\"content-container\">\n                                    <h2>\n                                                    <span>Entdecken Sie die Geschichte Hoorns<\/span>\n                                                                            In der Statenpoort                                            <\/h2>\n                                <p>Auch w\u00e4hrend der Renovierung unseres Museums am Roode Steen bleiben wir aktiv. So ist beispielsweise im De Statenpoort an der Nieuwstraat ein neuer Publikumsmagnet entstanden. Der Scheepenen kamer des ehemaligen Rathauses von Hoorn wurde in ein kleines Theater verwandelt. Dort erhalten Sie in der Multimedia-Show <a href=\"https:\/\/westfriesmuseum.nl\/de\/entdecken-die-geschichte-hoorns\/\">\u201eEntdecken Sie die Geschichte Hoorns\u201c<\/a>: der inspirierende Ausgangspunkt f\u00fcr die Erkundung der Stadt. Mit dem begleitenden Podwalk oder Wanderf\u00fchrer spazieren Sie dann durch den monumentalen Reichtum und die Geschichte Hoorns. Schlie\u00dflich liegt die Geschichte in Hoorn auf der Stra\u00dfe.<\/p>\n<p>M\u00f6chten Sie alleine einen Stadtspaziergang machen? <a href=\"https:\/\/westfriesmuseum.nl\/ontdek-het-verhaal-van-hoorn-podwalks\/\">Kaufen und laden Sie die Podwalks hier herunter<\/a>.<\/p>\n                                    <a href=\"https:\/\/westfriesmuseum.nl\/de\/entdecken-die-geschichte-hoorns\/\" class=\"button button-ghost\" >Mehr \u00fcber Entdecken Sie die Geschichte Hoorns<\/a>\n                                                    <a href=\"https:\/\/westfriesmuseum.nl\/de\/tickets\/\" class=\"button button-ticket\" >Tickets buchen<\/a>\n                            <\/div>\n        <\/div>\n    <\/div>\n<\/section>\n\n\n<section class=\"block-tentoonstelling wp-block\">\n    <div class=\"row expanded\">\n                    <div class=\"column small-12 large-6 xxlarge-7 no-padding\">\n                <div class=\"img-container\">\n                    <img loading=\"lazy\" class=\"lazyload\" loading=\"lazy\" data-src=\"https:\/\/westfriesmuseum.nl\/wp-content\/uploads\/2025\/06\/Entree-scaled.png\" alt=\"https:\/\/westfriesmuseum.nl\/wp-content\/uploads\/2025\/06\/Entree-scaled.png\">\n                <\/div>\n            <\/div>\n                <div class=\"column small-12 large-6 xxlarge-4\">\n            <div class=\"content-container\">\n                                    <h2>\n                                                    <span>Online Ausstellung<\/span>\n                                                                            Vier Mal Niederl\u00e4nde                                            <\/h2>\n                                <p>Die Ausstellung \u201eVier Mal Niederlande \u2013 Sch\u00e4tze aus dem Rijksmuseum\u201c bietet Besuchern die M\u00f6glichkeit, die Gem\u00e4lde des Rijksmuseums aus den vier Wanderausstellungen \u201eNiedere L\u00e4nder\u201c, \u201eHohe Himmel\u201c, \u201eK\u00fchle Gew\u00e4sser\u201c und \u201eHei\u00dfe Feuer\u201c online zu bewundern. Begeben Sie sich auf eine Reise durch vier Jahrhunderte niederl\u00e4ndischer Malerei und entdecken Sie die Identit\u00e4t der Niederlande. Genie\u00dfen Sie Meisterwerke von Malern wie Cornelis Springer, Jan Steen, George Breitner und Jacob van Ruisdael. Mit Beitr\u00e4gen der Singer-Songwriter Tim Knol und Marise den Bakker.<\/p>\n                                    <a href=\"http:\/\/viermaalnederland.nl\/en\/\" class=\"button button-ghost\" target=\"_blank\">Zur Online-Ausstellung Vier Mal Niederl\u00e4nde<\/a>\n                                            <\/div>\n        <\/div>\n    <\/div>\n<\/section>\n\n\n<section class=\"block-tentoonstelling wp-block is-style-image-right\">\n    <div class=\"row expanded\">\n                    <div class=\"column small-12 large-6 xxlarge-7 no-padding\">\n                <div class=\"img-container\">\n                    <img loading=\"lazy\" class=\"lazyload\" loading=\"lazy\" data-src=\"https:\/\/westfriesmuseum.nl\/wp-content\/uploads\/2022\/12\/Schilderij-De-slag-op-de-Zuiderzee-1573-Blanckerhoff-1100x930.jpg\" alt=\"https:\/\/westfriesmuseum.nl\/wp-content\/uploads\/2022\/12\/Schilderij-De-slag-op-de-Zuiderzee-1573-Blanckerhoff-1100x930.jpg\">\n                <\/div>\n            <\/div>\n                <div class=\"column small-12 large-6 xxlarge-4\">\n            <div class=\"content-container\">\n                                    <h2>\n                                                    <span>Online-Ausstellung<\/span>\n                                                                            Schlacht auf der Zuiderzee                                            <\/h2>\n                                <p>Im Jahr 2023 ist es genau 450 Jahre her, dass die Schlacht auf der Zuiderzee stattfand. Hoorn befreite sich mit dieser epischen Meeresschlacht von der spanischen Besatzung, ein Ereignis, das in der niederl\u00e4ndischen Geschichte eine Revolution verursachte. Durch den Freihandel \u00fcber die Zuiderzee wurden Hoorn und die anderen westfriesischen St\u00e4dte n\u00e4mlich sehr wohlhabend. Und Hoorn und die Region trugen f\u00fcr einen kurzen Zeitraum zur Weltgeschichte bei. 2023 feiert Hoorn \u2013 und damit auch das Westfries Museum \u2013 den Jahrestag dieses historischen Ereignisses. Und wir feiern die Bedeutung der Freiheit, damals wie heute.<\/p>\n                                            <\/div>\n        <\/div>\n    <\/div>\n<\/section>\n\n\n<section class=\"block-tentoonstelling wp-block is-style-image-left\">\n    <div class=\"row expanded\">\n                    <div class=\"column small-12 large-6 xxlarge-7 no-padding\">\n                <div class=\"img-container\">\n                    <img loading=\"lazy\" class=\"lazyload\" loading=\"lazy\" data-src=\"https:\/\/westfriesmuseum.nl\/wp-content\/uploads\/2022\/12\/Pala-kubusTRANS-1-1100x930.png\" alt=\"https:\/\/westfriesmuseum.nl\/wp-content\/uploads\/2022\/12\/Pala-kubusTRANS-1-1100x930.png\">\n                <\/div>\n            <\/div>\n                <div class=\"column small-12 large-6 xxlarge-4\">\n            <div class=\"content-container\">\n                                    <h2>\n                                                    <span>Online-Ausstellung<\/span>\n                                                                            Pala \u2014 Muskatnussgeschichten aus Banda                                            <\/h2>\n                                <p>Wie weit reicht der Widerhall eines historischen Ereignisses? Weit, wie sich im Fall des Massenmordes auf Banda im Jahr 1621 herausstellte. Mehr als 400 Jahre sp\u00e4ter besch\u00e4ftigen die schrecklichen Ereignisse auf den Muskatnuss-Inseln die Menschen noch immer. Auf Banda, in Indonesien und in den Niederlanden. Und heute vielleicht mehr denn je. Das war der Grund f\u00fcr unser Museum, w\u00e4hrend der Corona-Schlie\u00dfung 2021 eine Online-Ausstellung zu entwickeln. \u201ePala &#8211; Nutmeg tales of Banda\u201c beleuchtet die reiche Geschichte und Kultur der Banda-Inseln und erg\u00e4nzt die Ereignisse von 1621 mit neuen und kritischen Perspektiven. Diese mehrstimmige Ausstellung bietet Raum f\u00fcr die bandanesische Geschichte und f\u00fcr die Sichtweisen der molukkischen Gemeinschaft in den Niederlanden<em>. <span class=\"HwtZe\" lang=\"de\"><span class=\"jCAhz ChMk0b\"><span class=\"ryNqvb\">Nur auf Englisch verf\u00fcgbar.<\/span><\/span><\/span><\/em><\/p>\n                                    <a href=\"https:\/\/pala.wfm.nl\/home-en\/\" class=\"button button-ghost\" target=\"_blank\">Zur Online-Ausstellung Pala<\/a>\n                                            <\/div>\n        <\/div>\n    <\/div>\n<\/section>\n\n\n<section class=\"block-highlight wp-block alignfull\">\n    <div class=\"row expanded align-center align-middle\">\n        <div class=\"column small-12 large-10 xlarge-6 text-center\">\n            <h2>Neugierig auf die Kollektion?<\/h2>            <p>Unsere aktuelle Sammlung umfasst rund 38.000 Objekte, darunter Gem\u00e4lde, Skulpturen, Schmuck und Gebrauchsgegenst\u00e4nde. Zusammen erz\u00e4hlen sie die Geschichte von Hoorn und der Niederlande zwischen 1500 und 1800, mit dem 17. Jahrhundert als Herzst\u00fcck. Im Moment wird unser Museum renoviert und ist daher geschlossen, im danach werden wir mit einem inspirierenden neuen Konzept wiederer\u00f6ffnen. Unsere Sammlung befindet sich derzeit in einem externen Depot, das strenge Klima- und Sicherheitsanforderungen erf\u00fcllt, und ist bei Er\u00f6ffnung des erneuerten Museums wieder zu sehen. Aber online k\u00f6nnen unsere Meisterwerke auch heute noch bewundert werden.<\/p>\n             <a href=\"https:\/\/westfriesmuseum.nl\/de\/kollektion\/\"  class=\"button button-ghost\">Mehr \u00fcber unsere Kollektion<\/a>        <\/div>\n    <\/div>\n            <div class=\"hightlight-bg-image\">\n            <img class=\"lazyload\" loading=\"lazy\" data-src=\"https:\/\/westfriesmuseum.nl\/wp-content\/uploads\/2022\/11\/image-highlight-1920x750-1.jpg\" alt=\"Schilderij met zicht op stad en planten\">\n        <\/div>\n    <\/section>","protected":false},"excerpt":{"rendered":"","protected":false},"author":1,"featured_media":5958,"parent":0,"menu_order":0,"comment_status":"closed","ping_status":"closed","template":"front-page.php","meta":{"_acf_changed":false,"footnotes":""},"class_list":["post-18","page","type-page","status-publish","has-post-thumbnail","hentry"],"acf":[],"yoast_head":"<!-- This site is optimized with the Yoast SEO plugin v27.5 - https:\/\/yoast.com\/product\/yoast-seo-wordpress\/ -->\n<title>Museum geschlossen, Stadt ge\u00f6ffnet - Westfries Museum<\/title>\n<meta name=\"description\" content=\"Das Westfries Museum ist in Erwartung einer Renovierung vor\u00fcbergehend ge\u00f6ffnet und bietet einzigartige Ausstellungen in einem leeren Denkmal.\" \/>\n<meta name=\"robots\" content=\"index, follow, max-snippet:-1, max-image-preview:large, max-video-preview:-1\" \/>\n<link rel=\"canonical\" href=\"https:\/\/westfriesmuseum.nl\/de\/\" \/>\n<meta property=\"og:locale\" content=\"de_DE\" \/>\n<meta property=\"og:type\" content=\"article\" \/>\n<meta property=\"og:title\" content=\"Museum geschlossen, Stadt ge\u00f6ffnet - Westfries Museum\" \/>\n<meta property=\"og:description\" content=\"Das Westfries Museum ist in Erwartung einer Renovierung vor\u00fcbergehend ge\u00f6ffnet und bietet einzigartige Ausstellungen in einem leeren Denkmal.\" \/>\n<meta property=\"og:url\" content=\"https:\/\/westfriesmuseum.nl\/de\/\" \/>\n<meta property=\"og:site_name\" content=\"Westfries Museum\" \/>\n<meta property=\"article:publisher\" content=\"https:\/\/nl-nl.facebook.com\/westfriesmuseum\/\" \/>\n<meta property=\"article:modified_time\" content=\"2025-06-03T13:47:46+00:00\" \/>\n<meta property=\"og:image\" content=\"https:\/\/westfriesmuseum.nl\/wp-content\/uploads\/2025\/01\/Westfries-Museum_FotoBennoEllerbroek.jpg\" \/>\n\t<meta property=\"og:image:width\" content=\"1935\" \/>\n\t<meta property=\"og:image:height\" content=\"1495\" \/>\n\t<meta property=\"og:image:type\" content=\"image\/jpeg\" \/>\n<meta name=\"twitter:card\" content=\"summary_large_image\" \/>\n<meta name=\"twitter:site\" content=\"@WestfriesMuseum\" \/>\n<meta name=\"twitter:label1\" content=\"Est. reading time\" \/>\n\t<meta name=\"twitter:data1\" content=\"1\u00a0Minute\" \/>\n<script type=\"application\/ld+json\" class=\"yoast-schema-graph\">{\"@context\":\"https:\\\/\\\/schema.org\",\"@graph\":[{\"@type\":\"WebPage\",\"@id\":\"https:\\\/\\\/westfriesmuseum.nl\\\/de\\\/\",\"url\":\"https:\\\/\\\/westfriesmuseum.nl\\\/de\\\/\",\"name\":\"Museum geschlossen, Stadt ge\u00f6ffnet - Westfries Museum\",\"isPartOf\":{\"@id\":\"https:\\\/\\\/westfriesmuseum.nl\\\/de\\\/#website\"},\"primaryImageOfPage\":{\"@id\":\"https:\\\/\\\/westfriesmuseum.nl\\\/de\\\/#primaryimage\"},\"image\":{\"@id\":\"https:\\\/\\\/westfriesmuseum.nl\\\/de\\\/#primaryimage\"},\"thumbnailUrl\":\"https:\\\/\\\/westfriesmuseum.nl\\\/wp-content\\\/uploads\\\/2025\\\/01\\\/Westfries-Museum_FotoBennoEllerbroek.jpg\",\"datePublished\":\"2022-11-17T14:33:40+00:00\",\"dateModified\":\"2025-06-03T13:47:46+00:00\",\"description\":\"Das Westfries Museum ist in Erwartung einer Renovierung vor\u00fcbergehend ge\u00f6ffnet und bietet einzigartige Ausstellungen in einem leeren Denkmal.\",\"breadcrumb\":{\"@id\":\"https:\\\/\\\/westfriesmuseum.nl\\\/de\\\/#breadcrumb\"},\"inLanguage\":\"de\",\"potentialAction\":[{\"@type\":\"ReadAction\",\"target\":[\"https:\\\/\\\/westfriesmuseum.nl\\\/de\\\/\"]}]},{\"@type\":\"ImageObject\",\"inLanguage\":\"de\",\"@id\":\"https:\\\/\\\/westfriesmuseum.nl\\\/de\\\/#primaryimage\",\"url\":\"https:\\\/\\\/westfriesmuseum.nl\\\/wp-content\\\/uploads\\\/2025\\\/01\\\/Westfries-Museum_FotoBennoEllerbroek.jpg\",\"contentUrl\":\"https:\\\/\\\/westfriesmuseum.nl\\\/wp-content\\\/uploads\\\/2025\\\/01\\\/Westfries-Museum_FotoBennoEllerbroek.jpg\",\"width\":1935,\"height\":1495},{\"@type\":\"BreadcrumbList\",\"@id\":\"https:\\\/\\\/westfriesmuseum.nl\\\/de\\\/#breadcrumb\",\"itemListElement\":[{\"@type\":\"ListItem\",\"position\":1,\"name\":\"Home\",\"item\":\"https:\\\/\\\/westfriesmuseum.nl\\\/de\\\/\"},{\"@type\":\"ListItem\",\"position\":2,\"name\":\"Museum geschlossen, Stadt ge\u00f6ffnet\"}]},{\"@type\":\"WebSite\",\"@id\":\"https:\\\/\\\/westfriesmuseum.nl\\\/de\\\/#website\",\"url\":\"https:\\\/\\\/westfriesmuseum.nl\\\/de\\\/\",\"name\":\"Westfries Museum\",\"description\":\"Museum dicht, stad open\",\"publisher\":{\"@id\":\"https:\\\/\\\/westfriesmuseum.nl\\\/de\\\/#organization\"},\"potentialAction\":[{\"@type\":\"SearchAction\",\"target\":{\"@type\":\"EntryPoint\",\"urlTemplate\":\"https:\\\/\\\/westfriesmuseum.nl\\\/de\\\/?s={search_term_string}\"},\"query-input\":{\"@type\":\"PropertyValueSpecification\",\"valueRequired\":true,\"valueName\":\"search_term_string\"}}],\"inLanguage\":\"de\"},{\"@type\":\"Organization\",\"@id\":\"https:\\\/\\\/westfriesmuseum.nl\\\/de\\\/#organization\",\"name\":\"Westfries Museum\",\"url\":\"https:\\\/\\\/westfriesmuseum.nl\\\/de\\\/\",\"logo\":{\"@type\":\"ImageObject\",\"inLanguage\":\"de\",\"@id\":\"https:\\\/\\\/westfriesmuseum.nl\\\/de\\\/#\\\/schema\\\/logo\\\/image\\\/\",\"url\":\"https:\\\/\\\/westfriesmuseum.nl\\\/wp-content\\\/uploads\\\/2022\\\/11\\\/logo_westfriesmuseum.png\",\"contentUrl\":\"https:\\\/\\\/westfriesmuseum.nl\\\/wp-content\\\/uploads\\\/2022\\\/11\\\/logo_westfriesmuseum.png\",\"width\":676,\"height\":361,\"caption\":\"Westfries Museum\"},\"image\":{\"@id\":\"https:\\\/\\\/westfriesmuseum.nl\\\/de\\\/#\\\/schema\\\/logo\\\/image\\\/\"},\"sameAs\":[\"https:\\\/\\\/nl-nl.facebook.com\\\/westfriesmuseum\\\/\",\"https:\\\/\\\/x.com\\\/WestfriesMuseum\"]}]}<\/script>\n<!-- \/ Yoast SEO plugin. -->","yoast_head_json":{"title":"Museum geschlossen, Stadt ge\u00f6ffnet - Westfries Museum","description":"Das Westfries Museum ist in Erwartung einer Renovierung vor\u00fcbergehend ge\u00f6ffnet und bietet einzigartige Ausstellungen in einem leeren Denkmal.","robots":{"index":"index","follow":"follow","max-snippet":"max-snippet:-1","max-image-preview":"max-image-preview:large","max-video-preview":"max-video-preview:-1"},"canonical":"https:\/\/westfriesmuseum.nl\/de\/","og_locale":"de_DE","og_type":"article","og_title":"Museum geschlossen, Stadt ge\u00f6ffnet - Westfries Museum","og_description":"Das Westfries Museum ist in Erwartung einer Renovierung vor\u00fcbergehend ge\u00f6ffnet und bietet einzigartige Ausstellungen in einem leeren Denkmal.","og_url":"https:\/\/westfriesmuseum.nl\/de\/","og_site_name":"Westfries Museum","article_publisher":"https:\/\/nl-nl.facebook.com\/westfriesmuseum\/","article_modified_time":"2025-06-03T13:47:46+00:00","og_image":[{"width":1935,"height":1495,"url":"https:\/\/westfriesmuseum.nl\/wp-content\/uploads\/2025\/01\/Westfries-Museum_FotoBennoEllerbroek.jpg","type":"image\/jpeg"}],"twitter_card":"summary_large_image","twitter_site":"@WestfriesMuseum","twitter_misc":{"Est. reading time":"1\u00a0Minute"},"schema":{"@context":"https:\/\/schema.org","@graph":[{"@type":"WebPage","@id":"https:\/\/westfriesmuseum.nl\/de\/","url":"https:\/\/westfriesmuseum.nl\/de\/","name":"Museum geschlossen, Stadt ge\u00f6ffnet - Westfries Museum","isPartOf":{"@id":"https:\/\/westfriesmuseum.nl\/de\/#website"},"primaryImageOfPage":{"@id":"https:\/\/westfriesmuseum.nl\/de\/#primaryimage"},"image":{"@id":"https:\/\/westfriesmuseum.nl\/de\/#primaryimage"},"thumbnailUrl":"https:\/\/westfriesmuseum.nl\/wp-content\/uploads\/2025\/01\/Westfries-Museum_FotoBennoEllerbroek.jpg","datePublished":"2022-11-17T14:33:40+00:00","dateModified":"2025-06-03T13:47:46+00:00","description":"Das Westfries Museum ist in Erwartung einer Renovierung vor\u00fcbergehend ge\u00f6ffnet und bietet einzigartige Ausstellungen in einem leeren Denkmal.","breadcrumb":{"@id":"https:\/\/westfriesmuseum.nl\/de\/#breadcrumb"},"inLanguage":"de","potentialAction":[{"@type":"ReadAction","target":["https:\/\/westfriesmuseum.nl\/de\/"]}]},{"@type":"ImageObject","inLanguage":"de","@id":"https:\/\/westfriesmuseum.nl\/de\/#primaryimage","url":"https:\/\/westfriesmuseum.nl\/wp-content\/uploads\/2025\/01\/Westfries-Museum_FotoBennoEllerbroek.jpg","contentUrl":"https:\/\/westfriesmuseum.nl\/wp-content\/uploads\/2025\/01\/Westfries-Museum_FotoBennoEllerbroek.jpg","width":1935,"height":1495},{"@type":"BreadcrumbList","@id":"https:\/\/westfriesmuseum.nl\/de\/#breadcrumb","itemListElement":[{"@type":"ListItem","position":1,"name":"Home","item":"https:\/\/westfriesmuseum.nl\/de\/"},{"@type":"ListItem","position":2,"name":"Museum geschlossen, Stadt ge\u00f6ffnet"}]},{"@type":"WebSite","@id":"https:\/\/westfriesmuseum.nl\/de\/#website","url":"https:\/\/westfriesmuseum.nl\/de\/","name":"Westfries Museum","description":"Museum dicht, stad open","publisher":{"@id":"https:\/\/westfriesmuseum.nl\/de\/#organization"},"potentialAction":[{"@type":"SearchAction","target":{"@type":"EntryPoint","urlTemplate":"https:\/\/westfriesmuseum.nl\/de\/?s={search_term_string}"},"query-input":{"@type":"PropertyValueSpecification","valueRequired":true,"valueName":"search_term_string"}}],"inLanguage":"de"},{"@type":"Organization","@id":"https:\/\/westfriesmuseum.nl\/de\/#organization","name":"Westfries Museum","url":"https:\/\/westfriesmuseum.nl\/de\/","logo":{"@type":"ImageObject","inLanguage":"de","@id":"https:\/\/westfriesmuseum.nl\/de\/#\/schema\/logo\/image\/","url":"https:\/\/westfriesmuseum.nl\/wp-content\/uploads\/2022\/11\/logo_westfriesmuseum.png","contentUrl":"https:\/\/westfriesmuseum.nl\/wp-content\/uploads\/2022\/11\/logo_westfriesmuseum.png","width":676,"height":361,"caption":"Westfries Museum"},"image":{"@id":"https:\/\/westfriesmuseum.nl\/de\/#\/schema\/logo\/image\/"},"sameAs":["https:\/\/nl-nl.facebook.com\/westfriesmuseum\/","https:\/\/x.com\/WestfriesMuseum"]}]}},"_links":{"self":[{"href":"https:\/\/westfriesmuseum.nl\/de\/wp-json\/wp\/v2\/pages\/18","targetHints":{"allow":["GET"]}}],"collection":[{"href":"https:\/\/westfriesmuseum.nl\/de\/wp-json\/wp\/v2\/pages"}],"about":[{"href":"https:\/\/westfriesmuseum.nl\/de\/wp-json\/wp\/v2\/types\/page"}],"author":[{"embeddable":true,"href":"https:\/\/westfriesmuseum.nl\/de\/wp-json\/wp\/v2\/users\/1"}],"replies":[{"embeddable":true,"href":"https:\/\/westfriesmuseum.nl\/de\/wp-json\/wp\/v2\/comments?post=18"}],"version-history":[{"count":6,"href":"https:\/\/westfriesmuseum.nl\/de\/wp-json\/wp\/v2\/pages\/18\/revisions"}],"predecessor-version":[{"id":7193,"href":"https:\/\/westfriesmuseum.nl\/de\/wp-json\/wp\/v2\/pages\/18\/revisions\/7193"}],"wp:featuredmedia":[{"embeddable":true,"href":"https:\/\/westfriesmuseum.nl\/de\/wp-json\/wp\/v2\/media\/5958"}],"wp:attachment":[{"href":"https:\/\/westfriesmuseum.nl\/de\/wp-json\/wp\/v2\/media?parent=18"}],"curies":[{"name":"wp","href":"https:\/\/api.w.org\/{rel}","templated":true}]}}